{"id":8975,"date":"2021-05-31T23:23:42","date_gmt":"2021-05-31T21:23:42","guid":{"rendered":"https:\/\/www.grandesassisesamp2022.com\/accoglienza\/il-team\/"},"modified":"2022-04-08T11:44:27","modified_gmt":"2022-04-08T09:44:27","slug":"il-team","status":"publish","type":"page","link":"https:\/\/www.grandesassisesamp2022.com\/it\/accoglienza\/il-team\/","title":{"rendered":"Il team"},"content":{"rendered":"\n<p>Le Grandi Assise sono in preparazione. Chiamano una grande squadra, determinata a fare di questo evento una grande festa della psicoanalisi. Ecco i dettagli della sua composizione.<\/p>\n\n\n\n<p><strong>PRESIDENTE DELL\u2019AMP<\/strong><\/p>\n\n\n\n<p>Angelina Harari<\/p>\n\n\n\n<p><strong>DIREZIONE DELLA GRANDE CONVERSAZIONE <\/strong><\/p>\n\n\n\n<p>Direttrice : Christiane Alberti <br>Direttori aggiunti : Ana\u00eblle Lebovits-Quenehen e Laurent Dumoulin<\/p>\n\n\n\n<p><strong>CONSIGLIO SCIENTIFICO <\/strong><\/p>\n\n\n\n<p>Jacques-Alain Miller <br>Angelina Harari<\/p>\n\n\n\n<p><strong>CONSIGLIERI SPECIALI <\/strong><\/p>\n\n\n\n<p>Silvia Baudini e Fabi\u00e1n Naparstek<\/p>\n\n\n\n<p><strong>COMMISSIONE DI ORGANIZZAZIONE <\/strong><\/p>\n\n\n\n<p>. Segreteria generale : Alice Delarue (responsabile) \/ Herv\u00e9 Damase \/\u00a0Marco Moretti \/ Anne-C\u00e9cile Le Cornec \/ Paula Galhardo \/ Adriana Campos \/ S\u00e9bastien Dauguet \/ Barbara Bertoni \/ Mauricio Diament \/ Dario Alaparone<br>. Tesoriere : Jean-Philippe Parchliniak \u00a0:\u00a0Jean-Philippe Parchliniak<br>. Corrispondenti : Montserrat Puig (ELP), Martine Versel (ECF), Marina Frangiadaki (NLS), Alba Alfaro\u00a0(NEL), Adele Succetti\u00a0(SLP), Simone Souto (EBP), Marina Recalde (EOL) <br>. Organizzazione per la Mutualit\u00e0 : Fr\u00e9d\u00e9rique Bouvet (responsabile)<br>. Equipe progetto videoconferenza\u00a0:\u00a0Mauricio Diament\u00a0\/ Alexandre Gouthi\u00e8re \/ Cl\u00e9ment Marmot \/ Cecila\u00a0Naranjo \/ Victor Rodriguez\u00a0\/ Mathieu Siriot<br>. Traduzione-Comunicazione : Marga Aur\u00e9<br>Inglese\/francese-francese\/inglese : Joanne Conway (responsabile), Raphael Montague, Bogdan Wolf, Samya Seth, Catherine Massol, Colette Richard, Pamela King, Susan McFeely<br>Francese\/spagnolo : Carmen Cu\u00f1at (responsabile), Miriam Chorne, Rosa Dura, Julia Gutierrez, Mariam Martin, Sandra Reznak<br>Portoghese\/francese-francese\/portoghese : Vera Avellar Ribeiro (responsabile), Raphael Montague, Bogdan Wolf, Samya Seth, Catherine Massol, Colette Richard, Pamela King, Susan McFeely<br>Italiano\/francese-francese\/italiano : Roberta La Barbera (responsabile), Francesca Carmignani, Gabriele Grisolia, Rachele Giuntoli, Laura Pacati, Ilaria Papandrea, Dario Alparone<br>Francese\/spagnolo : Adela Bande-Alcantud (responsabile), Ana Ines Vasquez, Claudia Vilela, Isabelle Ramirez, Isabelle Magne, Eliane Calvet, Eduardo Scarone, Vanessa Bartholoma\u00ef<br>. Traduzione Grande Conversazione\u00a0:\u00a0Virginie Leblanc <br>. Libreria\u00a0:\u00a0Pascale Fari (responsabile) \/ Dominique-Paul Rousseau (secondo) \/ Juliane Magda Casarin, Isabelle Chevrier, Gabrielle Vivier <br>. Documenti cartacei\u00a0:\u00a0Adela Alcantud\u00a0(responsabile) \/\u00a0Antoine Chauvin et \u00c9lise Etchamendy (revisori) <br>. Team di Zoom : Anne Colombel-Plouzennec (responsabile) \/\u00a0Maria Novaes, Francine Danniau, Dario Alparone, Luis Iriarte P\u00e9rez \/<br><em>Hotline<\/em> : Agathe Sultan \/\u00a0Ana Iba\u00f1ez \/ Andrea Souza Paleari \/ Andr\u00e9a Zuniga \/ Antoine Combaud \/ Arunava Banerjee \/ Carolina Papandrea \/ Leonardo Scofield \/ Luis Iriarte \/ Magnolia Gonz\u00e1lez \/ Maitena de Zabaleta \/ Norma Lafuente Balverdi \/ Paula Pimenta \/ Sofia Guaraguara \/\u00a0Thomas Daigueperce \/ Victor Rodriguez<br><em>Hotline<\/em> 19-20 mars : Adriana Campos \/ Bruno Alivon \/ Eduardo Scarone \/ Patrick Almeida \/ Romain-Pierre Renou \/ Valentina La Rosa<br><em>Zoom<\/em> : Carina Arantes Farias \/ Chrysa Karientidou \/ Cinthya Estrada \/ Cynthia Gon\u00e7alves Gindro \/ Daniela Dighero \/ Dario Alparone \/ Eleonora Renna \/ Jesica Varela \/ Juan Vicente Carillo \/ Liliana Rodriguez Zambrano \/ Maria Novaes \/ Marie Paz Rodriguez \/ Nayahra Reis \/ Nohem\u00ed Brown \/ Pablo Reyes \/ Paola Gonzales \/ Sylvie Goumet \/ Thomas Daigueperce<br><em>Traduzione<\/em> : Andr\u00e9a Zuniga \/ Armando Manzan\u00e1rez \/ Camila Ventura De Kerdrec \/ Catery Tato \/ C\u00e9line Menghi \/ Diego Martin Tagliaferri \/\u00a0Fernanda Arioli \/ Gabriela Pazmi\u00f1o \/ Hector Garcia \/ Jesica Varela \/ Jos\u00e9 Altamirano \/ Maria Laura Tkach \/ Marina Valle \/ Mary Nicotra \/ Micaela Frattura \/ Mihalis Manoussakis \/ Paola Salinas \/ Silvana Belmudes<br>. Coordinazione tecnica : Mathieu Siriot (responsabile) \/ C\u00e9cilia Naranjo \/ Bruna Meller \/ Romain-Pierre Renou \/ Barbara Bertoni \/ Marion Figarol \/ Guillermina Laferrara<br>. Commissione di Benvenuto : Barbara Bertoni (responsabile) \/ Sanaa Ziani \/ Camille Schuffenecker<br>. Segnaletica : Beatriz Gonzalez-Renou <br>. Ristorazione e albergo\u00a0: V\u00e9ronique Outrebon avec Rosana Montani <br>. Accoglienza il \u200b\u200b19 e 20 marzo\u00a0: Adela Bande-Alcantud \/ Aur\u00e9lie Charpentier-Libert \/ Dominique Corpelet \/ Martine Coussot \/ Herv\u00e9 Damase \/ Juliette Lauwers \/ Patricia Loubet \/ Isabelle Magne \/ Martine Marhadour \/ Maria Novaes \/ Claire Piette \/ Alain Revel \/ Pascale Rivals \/ Franck Rollier \/ Christelle Sandras \/ G\u00e9rard Seyeux \/ Vanessa Sudreau \/ Agathe Sultan \/ Agn\u00e8s Vign\u00e9-Camus \/ Victoria Woollard <br>. Accettazione dal 31 marzo al 3 aprile\u00a0: Val\u00e9rie Bussi\u00e8res \/ Adriana Campos \/ Juliane Casarin \/ Junia Couto \/ Marie Faucher-Desjardins \/ Isadora Escossia \/ Elise Etchamendy \/ Laurence Maman \/ Elisabetta Milan-Fournier \/ Rosana Montani \/ Jorge Mourao \/ V\u00e9ronique Outrebon \/ Leander Mattioli Pasqual \/ Aur\u00e9lie-Flore Pascal \/ Soledad Pe\u00f1afiel \/ Andrea Orabona \/ Sissy Rapty \/ Geisiane Ribeiro <br>. Goody bag\u00a0: Barbara Bertoni <br>. Team Surprise Party\u00a0: Andrea Orabona et Val\u00e9ria Sommer-Dupont (responsabili), Carmen Carceller, Sandra Cisternas, Mar\u00eda Victoria Clavijo, Mauricio Diament, R\u00f4mulo Ferreira da Silva, Cl\u00e9ment Marmoz, Aurora Mastroleo, Celeste Vi\u00f1al, Adrien Will\u00e8me<\/p>\n\n\n\n<p><strong>COMMISSIONE EPISTEMOLOGICA e CL\u00cdNICA <\/strong><\/p>\n\n\n\n<p>. <em>Scilicet&nbsp;<\/em>: cartelli internazionali <br>. Equipe editoriale :<br>ECF&nbsp;: Fabian Fajnwaks<br><a href=\"https:\/\/www.grandesassisesamp2022.com\/volume-scilicet-team\/\" target=\"_blank\" rel=\"noreferrer noopener\"><\/a><a href=\"https:\/\/www.grandesassisesamp2022.com\/volume-scilicet-team\/\" target=\"_blank\" rel=\"noreferrer noopener\">e&nbsp;il suo team editoriale<\/a><br>ELP&nbsp;: Vilma Coccoz<br>EOL&nbsp;: Alejandra Glaze<br>NEL&nbsp;: Felipe Maino <br><a href=\"https:\/\/www.grandesassisesamp2022.com\/es\/volume-scilicet-team\/\"><\/a><a href=\"https:\/\/www.grandesassisesamp2022.com\/es\/volume-scilicet-team\/\" target=\"_blank\" rel=\"noreferrer noopener\">e&nbsp;i loro team editoriale<\/a><br>EBP&nbsp;: Ondina Machado et Camila Popadiuk<br><a href=\"https:\/\/www.grandesassisesamp2022.com\/pt-br\/volume-scilicet-team\/\" target=\"_blank\" rel=\"noreferrer noopener\"><\/a><a href=\"https:\/\/www.grandesassisesamp2022.com\/pt-br\/volume-scilicet-team\/\" target=\"_blank\" rel=\"noreferrer noopener\">e&nbsp;i loro team editoriale<\/a><br>NLS&nbsp;: Pamela King<br><a href=\"https:\/\/www.grandesassisesamp2022.com\/en\/volume-scilicet-team\/\" target=\"_blank\" rel=\"noreferrer noopener\"><\/a><a href=\"https:\/\/www.grandesassisesamp2022.com\/en\/volume-scilicet-team\/\" target=\"_blank\" rel=\"noreferrer noopener\">e la sua&nbsp;team editoriale<\/a><br>SLP&nbsp;: Giulia Grillo,<br><a href=\"https:\/\/www.grandesassisesamp2022.com\/volume-scilicet-team\/\" target=\"_blank\" rel=\"noreferrer noopener\"><\/a><a href=\"https:\/\/www.grandesassisesamp2022.com\/it\/volume-scilicet-team\/\" target=\"_blank\" rel=\"noreferrer noopener\">e la sua&nbsp;team editoriale.<\/a><br>. Bibliografia : Philippe Hellebois, Marie Faucher, Anne-C\u00e9cile Le Cornec, Dominique Corpelet, Romain Aub\u00e9<br>. Simultanee cliniche : Guy Briole (responsabile) avec Sonia Chiriaco et Camilo Ramirez<br>. Commissione lettura clinica : Francesca&nbsp;Biagi-Chai, Eva&nbsp;Boccholia, Paola&nbsp;Bolgiani, Alfredo&nbsp;Zenoni.<\/p>\n\n\n\n<p><strong>COMUNICAZIONE E DIFFUSIONE <\/strong><\/p>\n\n\n\n<p>. P\u00e1gina web : Beno\u00eet Delarue (responsabile) \/ Anne Colombel-Plouzennec \/ Aur\u00e9lie-Flore Pascal \/ H\u00e9l\u00e8ne Girard \/ Sophie Lemoine \/ Alexandre Gouthi\u00e8re \/ Dominique Rayneau. <\/p>\n\n\n\n<p>. Reti sociali : Jean-Fran\u00e7ois Cottes \/ Patricia Wartelle \/ Penelope Fay \/ France Jaigu<br>Twitter&nbsp;: Jean-Fan\u00e7ois Cottes (responsabile), Catherine Lacaze-Paule, Fran\u00e7ois Bony, Mario Elkin-Ramirez, Laura Valcarce, Valentina La Rosa, Xavier Giner Ponce, Marcia Stival Onyszkiewicz<br>Facebook&nbsp;: P\u00e9n\u00e9lope Fay (responsabile), Violette Aym\u00e9, Cassandra Dias Farias, Rachele Giuntoli,&nbsp;Ana Cecilia Gonz\u00e1lez,&nbsp;Sofia Guaraguara, Fran\u00e7oise Haccoun,&nbsp;Wilson Lima, Lucia Malvisi,&nbsp;&nbsp;Esperanza Molleda, Peggy Papada, Manuela Simone, Athanasios Xafenias <br>Instagram&nbsp;: Patricia Wartelle (responsabile), Eduardo Scarone, Ga\u00eblle Chamboncel, Milena Vicari Crastelo, Camila Popadiuk, Catery Tato, Maria Nicotra, Fany Miguens, Peggy Papada, Susana Schaer<\/p>\n\n\n\n<p>. Parigi <em>non-tutta <\/em>: France Jaigu. <\/p>\n\n\n\n<p>. Concetto e immagine : Laurence Martin. <\/p>\n\n\n\n<p>. Commissione immagini :&nbsp; Cl\u00e9ment Marmoz \/ Thomas Kusmierzyk. <\/p>\n\n\n\n<p>. Coordinamento ACF : Martine Versel. <\/p>\n\n\n\n<p>. Istituzioni : Isabelle Magne \/ Pascale Rivals. <\/p>\n\n\n\n<p>. Partner : Justine Fournier ( Manifesti) \u2013 Julien Moutaillier (Informatica).<\/p>\n","protected":false},"excerpt":{"rendered":"<p>Le Grandi Assise sono in preparazione. Chiamano una grande squadra, determinata a fare di questo evento una grande festa della psicoanalisi. Ecco i dettagli della sua composizione. PRESIDENTE DELL\u2019AMP Angelina Harari DIREZIONE DELLA GRANDE CONVERSAZIONE Direttrice : Christiane Alberti Direttori aggiunti : Ana\u00eblle Lebovits-Quenehen e Laurent Dumoulin CONSIGLIO SCIENTIFICO Jacques-Alain Miller Angelina Harari CONSIGLIERI SPECIALI&hellip;&nbsp;<a href=\"https:\/\/www.grandesassisesamp2022.com\/it\/accoglienza\/il-team\/\" class=\"\" rel=\"bookmark\">Read More &raquo;<span class=\"screen-reader-text\">Il team<\/span><\/a><\/p>\n","protected":false},"author":1,"featured_media":6514,"parent":7567,"menu_order":2,"comment_status":"closed","ping_status":"closed","template":"","meta":{"neve_meta_sidebar":"full-width","neve_meta_container":"","neve_meta_enable_content_width":"","neve_meta_content_width":0,"neve_meta_title_alignment":"","neve_meta_author_avatar":"","neve_post_elements_order":"","neve_meta_disable_header":"","neve_meta_disable_footer":"","neve_meta_disable_title":"","footnotes":""},"class_list":["post-8975","page","type-page","status-publish","has-post-thumbnail","hentry"],"acf":[],"yoast_head":"<!-- This site is optimized with the Yoast SEO plugin v20.1 - https:\/\/yoast.com\/wordpress\/plugins\/seo\/ -->\n<title>Il team - Grandes assises AMP 2022<\/title>\n<meta name=\"robots\" content=\"index, follow, max-snippet:-1, max-image-preview:large, max-video-preview:-1\" \/>\n<link rel=\"canonical\" href=\"https:\/\/www.grandesassisesamp2022.com\/it\/accoglienza\/il-team\/\" \/>\n<meta property=\"og:locale\" content=\"it_IT\" \/>\n<meta property=\"og:type\" content=\"article\" \/>\n<meta property=\"og:title\" content=\"Il team - Grandes assises AMP 2022\" \/>\n<meta property=\"og:description\" content=\"Le Grandi Assise sono in preparazione. Chiamano una grande squadra, determinata a fare di questo evento una grande festa della psicoanalisi. Ecco i dettagli della sua composizione. PRESIDENTE DELL\u2019AMP Angelina Harari DIREZIONE DELLA GRANDE CONVERSAZIONE Direttrice : Christiane Alberti Direttori aggiunti : Ana\u00eblle Lebovits-Quenehen e Laurent Dumoulin CONSIGLIO SCIENTIFICO Jacques-Alain Miller Angelina Harari CONSIGLIERI SPECIALI&hellip;&nbsp;Read More &raquo;Il team\" \/>\n<meta property=\"og:url\" content=\"https:\/\/www.grandesassisesamp2022.com\/it\/accoglienza\/il-team\/\" \/>\n<meta property=\"og:site_name\" content=\"Grandes assises AMP 2022\" \/>\n<meta property=\"article:modified_time\" content=\"2022-04-08T09:44:27+00:00\" \/>\n<meta property=\"og:image\" content=\"https:\/\/www.grandesassisesamp2022.com\/wp-content\/uploads\/2021\/04\/daniel-von-appen-4YmF6kHvees-unsplash-copie.jpg\" \/>\n\t<meta property=\"og:image:width\" content=\"1600\" \/>\n\t<meta property=\"og:image:height\" content=\"400\" \/>\n\t<meta property=\"og:image:type\" content=\"image\/jpeg\" \/>\n<meta name=\"twitter:card\" content=\"summary_large_image\" \/>\n<meta name=\"twitter:label1\" content=\"Tempo di lettura stimato\" \/>\n\t<meta name=\"twitter:data1\" content=\"5 minuti\" \/>\n<script type=\"application\/ld+json\" class=\"yoast-schema-graph\">{\"@context\":\"https:\/\/schema.org\",\"@graph\":[{\"@type\":\"WebPage\",\"@id\":\"https:\/\/www.grandesassisesamp2022.com\/it\/accoglienza\/il-team\/\",\"url\":\"https:\/\/www.grandesassisesamp2022.com\/it\/accoglienza\/il-team\/\",\"name\":\"Il team - Grandes assises AMP 2022\",\"isPartOf\":{\"@id\":\"https:\/\/www.grandesassisesamp2022.com\/#website\"},\"datePublished\":\"2021-05-31T21:23:42+00:00\",\"dateModified\":\"2022-04-08T09:44:27+00:00\",\"breadcrumb\":{\"@id\":\"https:\/\/www.grandesassisesamp2022.com\/it\/accoglienza\/il-team\/#breadcrumb\"},\"inLanguage\":\"it-IT\",\"potentialAction\":[{\"@type\":\"ReadAction\",\"target\":[\"https:\/\/www.grandesassisesamp2022.com\/it\/accoglienza\/il-team\/\"]}]},{\"@type\":\"BreadcrumbList\",\"@id\":\"https:\/\/www.grandesassisesamp2022.com\/it\/accoglienza\/il-team\/#breadcrumb\",\"itemListElement\":[{\"@type\":\"ListItem\",\"position\":1,\"name\":\"Accueil\",\"item\":\"https:\/\/www.grandesassisesamp2022.com\/it\/\"},{\"@type\":\"ListItem\",\"position\":2,\"name\":\"Accoglienza\",\"item\":\"https:\/\/www.grandesassisesamp2022.com\/it\/\"},{\"@type\":\"ListItem\",\"position\":3,\"name\":\"Il team\"}]},{\"@type\":\"WebSite\",\"@id\":\"https:\/\/www.grandesassisesamp2022.com\/#website\",\"url\":\"https:\/\/www.grandesassisesamp2022.com\/\",\"name\":\"Grandes assises AMP 2022\",\"description\":\"Paris\",\"potentialAction\":[{\"@type\":\"SearchAction\",\"target\":{\"@type\":\"EntryPoint\",\"urlTemplate\":\"https:\/\/www.grandesassisesamp2022.com\/?s={search_term_string}\"},\"query-input\":\"required name=search_term_string\"}],\"inLanguage\":\"it-IT\"}]}<\/script>\n<!-- \/ Yoast SEO plugin. -->","yoast_head_json":{"title":"Il team - Grandes assises AMP 2022","robots":{"index":"index","follow":"follow","max-snippet":"max-snippet:-1","max-image-preview":"max-image-preview:large","max-video-preview":"max-video-preview:-1"},"canonical":"https:\/\/www.grandesassisesamp2022.com\/it\/accoglienza\/il-team\/","og_locale":"it_IT","og_type":"article","og_title":"Il team - Grandes assises AMP 2022","og_description":"Le Grandi Assise sono in preparazione. Chiamano una grande squadra, determinata a fare di questo evento una grande festa della psicoanalisi. Ecco i dettagli della sua composizione. PRESIDENTE DELL\u2019AMP Angelina Harari DIREZIONE DELLA GRANDE CONVERSAZIONE Direttrice : Christiane Alberti Direttori aggiunti : Ana\u00eblle Lebovits-Quenehen e Laurent Dumoulin CONSIGLIO SCIENTIFICO Jacques-Alain Miller Angelina Harari CONSIGLIERI SPECIALI&hellip;&nbsp;Read More &raquo;Il team","og_url":"https:\/\/www.grandesassisesamp2022.com\/it\/accoglienza\/il-team\/","og_site_name":"Grandes assises AMP 2022","article_modified_time":"2022-04-08T09:44:27+00:00","og_image":[{"width":1600,"height":400,"url":"https:\/\/www.grandesassisesamp2022.com\/wp-content\/uploads\/2021\/04\/daniel-von-appen-4YmF6kHvees-unsplash-copie.jpg","type":"image\/jpeg"}],"twitter_card":"summary_large_image","twitter_misc":{"Tempo di lettura stimato":"5 minuti"},"schema":{"@context":"https:\/\/schema.org","@graph":[{"@type":"WebPage","@id":"https:\/\/www.grandesassisesamp2022.com\/it\/accoglienza\/il-team\/","url":"https:\/\/www.grandesassisesamp2022.com\/it\/accoglienza\/il-team\/","name":"Il team - Grandes assises AMP 2022","isPartOf":{"@id":"https:\/\/www.grandesassisesamp2022.com\/#website"},"datePublished":"2021-05-31T21:23:42+00:00","dateModified":"2022-04-08T09:44:27+00:00","breadcrumb":{"@id":"https:\/\/www.grandesassisesamp2022.com\/it\/accoglienza\/il-team\/#breadcrumb"},"inLanguage":"it-IT","potentialAction":[{"@type":"ReadAction","target":["https:\/\/www.grandesassisesamp2022.com\/it\/accoglienza\/il-team\/"]}]},{"@type":"BreadcrumbList","@id":"https:\/\/www.grandesassisesamp2022.com\/it\/accoglienza\/il-team\/#breadcrumb","itemListElement":[{"@type":"ListItem","position":1,"name":"Accueil","item":"https:\/\/www.grandesassisesamp2022.com\/it\/"},{"@type":"ListItem","position":2,"name":"Accoglienza","item":"https:\/\/www.grandesassisesamp2022.com\/it\/"},{"@type":"ListItem","position":3,"name":"Il team"}]},{"@type":"WebSite","@id":"https:\/\/www.grandesassisesamp2022.com\/#website","url":"https:\/\/www.grandesassisesamp2022.com\/","name":"Grandes assises AMP 2022","description":"Paris","potentialAction":[{"@type":"SearchAction","target":{"@type":"EntryPoint","urlTemplate":"https:\/\/www.grandesassisesamp2022.com\/?s={search_term_string}"},"query-input":"required name=search_term_string"}],"inLanguage":"it-IT"}]}},"_links":{"self":[{"href":"https:\/\/www.grandesassisesamp2022.com\/it\/wp-json\/wp\/v2\/pages\/8975","targetHints":{"allow":["GET"]}}],"collection":[{"href":"https:\/\/www.grandesassisesamp2022.com\/it\/wp-json\/wp\/v2\/pages"}],"about":[{"href":"https:\/\/www.grandesassisesamp2022.com\/it\/wp-json\/wp\/v2\/types\/page"}],"author":[{"embeddable":true,"href":"https:\/\/www.grandesassisesamp2022.com\/it\/wp-json\/wp\/v2\/users\/1"}],"replies":[{"embeddable":true,"href":"https:\/\/www.grandesassisesamp2022.com\/it\/wp-json\/wp\/v2\/comments?post=8975"}],"version-history":[{"count":50,"href":"https:\/\/www.grandesassisesamp2022.com\/it\/wp-json\/wp\/v2\/pages\/8975\/revisions"}],"predecessor-version":[{"id":17074,"href":"https:\/\/www.grandesassisesamp2022.com\/it\/wp-json\/wp\/v2\/pages\/8975\/revisions\/17074"}],"up":[{"embeddable":true,"href":"https:\/\/www.grandesassisesamp2022.com\/it\/wp-json\/wp\/v2\/pages\/7567"}],"wp:featuredmedia":[{"embeddable":true,"href":"https:\/\/www.grandesassisesamp2022.com\/it\/wp-json\/wp\/v2\/media\/6514"}],"wp:attachment":[{"href":"https:\/\/www.grandesassisesamp2022.com\/it\/wp-json\/wp\/v2\/media?parent=8975"}],"curies":[{"name":"wp","href":"https:\/\/api.w.org\/{rel}","templated":true}]}}