{"id":8983,"date":"2021-05-31T23:43:47","date_gmt":"2021-05-31T21:43:47","guid":{"rendered":"https:\/\/www.grandesassisesamp2022.com\/acogida\/el-equipo\/"},"modified":"2022-04-08T11:45:59","modified_gmt":"2022-04-08T09:45:59","slug":"el-equipo","status":"publish","type":"page","link":"https:\/\/www.grandesassisesamp2022.com\/es\/acogida\/el-equipo\/","title":{"rendered":"El Equipo"},"content":{"rendered":"\n<p>La Gran Conversaci\u00f3n se prepara. Recurre a un gran equipo, muy decidido a hacer de este acontecimiento una gran fiesta del psicoan\u00e1lisis. He aqu\u00ed en detalle su composici\u00f3n.<\/p>\n\n\n\n<p>PRESIDENTE DE LA AMP<\/p>\n\n\n\n<p>Angelina Harari<\/p>\n\n\n\n<p>DIRECCI\u00d3N DE LA GRAN CONVERSACI\u00d3N<\/p>\n\n\n\n<p>Directora&nbsp;: Christiane Alberti <br>Directores adjuntos : Ana\u00eblle Lebovits-Quenehen y Laurent Dumoulin<\/p>\n\n\n\n<p>CONSEJO CIENT\u00edFICO<\/p>\n\n\n\n<p>Jacques-Alain Miller <br>Angelina Harari<\/p>\n\n\n\n<p>CONSEJEROS ESPECIALES<\/p>\n\n\n\n<p>Silvia Baudini y Fabi\u00e1n Naparstek<\/p>\n\n\n\n<p>COMISI\u00d3N DE ORGANIZACI\u00d3N<\/p>\n\n\n\n<p>. Secreariado general\u00a0:\u00a0Alice Delarue (responsable) \/ Herv\u00e9 Damase \/\u00a0Marco Moretti \/ Anne-C\u00e9cile Le Cornec \/ Paula Galhardo \/ Adriana Campos \/ S\u00e9bastien Dauguet \/ Barbara Bertoni \/ Mauricio Diament \/ Dario Alaparone<br>. Tesorero :\u00a0Jean-Philippe Parchliniak<br>. Corresponsables : Montserrat Puig (ELP), Martine Versel (ECF), Marina Frangiadaki (NLS), Alba Alfaro (NEL), Adele Succetti (SLP), Simone Souto (EBP), Marina Recalde (EOL) <br>. Organizaci\u00f3n en la Mutualit\u00e9 : Fr\u00e9d\u00e9rique Bouvet (responsable)<br>. Equipo prospectivo\u00a0videoconferencia\u00a0:\u00a0Mauricio Diament\u00a0\/ Alexandre Gouthi\u00e8re \/ Cl\u00e9ment Marmot \/ Cecila\u00a0Naranjo \/ Victor Rodriguez\u00a0\/ Mathieu Siriot<br>. Traducci\u00f3n \u2013 Comunicaci\u00f3n : Marga Aur\u00e9 <br>Ingl\u00e9s\/franc\u00e8s-franc\u00e8s\/ingl\u00e9s : Joanne Conway (responsable), Raphael Montague, Bogdan Wolf, Samya Seth, Catherine Massol, Colette Richard, Pamela King, Susan McFeely <br>Franc\u00e8s\/espa\u00f1ol : Carmen Cu\u00f1at (responsable), Miriam Chorne, Rosa Dura, Julia Gutierrez, Mariam Martin, Sandra Reznak <br>Portugu\u00e9s\/franc\u00e8s-franc\u00e8s\/portugu\u00e9s : Vera Avellar Ribeiro (responsable), Raphael Montague, Bogdan Wolf, Samya Seth, Catherine Massol, Colette Richard, Pamela King, Susan McFeely <br>Italiano\/franc\u00e8s-franc\u00e8s\/italiano : Roberta La Barbera (responsable), Francesca Carmignani, Gabriele Grisolia, Rachele Giuntoli, Laura Pacati, Ilaria Papandrea, Dario Alparone<br>Franc\u00e8s\/espa\u00f1ol : Adela Bande-Alcantud (responsable), Ana Ines Vasquez, Claudia Vilela, Isabelle Ramirez, Isabelle Magne, Eliane Calvet, Eduardo Scarone, Vanessa Bartholoma\u00ef <br>. Traducci\u00f3n-Gran Conversaci\u00f3n\u00a0:\u00a0Virginie Leblanc<br>. Librair\u00eda\u00a0:\u00a0Pascale Fari (responsable) \/ Dominique-Paul Rousseau (adjunto) \/ Juliane Magda Casarin, Isabelle Chevrier, Gabrielle Vivier <br>. Documentos impresos\u00a0:\u00a0Adela Alcantud\u00a0(responsable) \/\u00a0Antoine Chauvin et \u00c9lise Etchamendy (relectores)<br>. Equipo de Zoom : Anne Colombel-Plouzennec\u00a0(responsable) \/\u00a0Maria Novaes, Francine Danniau, Dario Alparone, Luis Iriarte P\u00e9rez \/<br><em>Hotline<\/em> : Agathe Sultan \/\u00a0Ana Iba\u00f1ez \/ Andrea Souza Paleari \/ Andr\u00e9a Zuniga \/ Antoine Combaud \/ Arunava Banerjee \/ Carolina Papandrea \/ Leonardo Scofield \/ Luis Iriarte \/ Magnolia Gonz\u00e1lez \/ Maitena de Zabaleta \/ Norma Lafuente Balverdi \/ Paula Pimenta \/ Sofia Guaraguara \/\u00a0Thomas Daigueperce \/ Victor Rodriguez<br><em>Hotline<\/em> 19-20 mars : Adriana Campos \/ Bruno Alivon \/ Eduardo Scarone \/ Patrick Almeida \/ Romain-Pierre Renou \/ Valentina La Rosa<br><em>Zoom<\/em> : Carina Arantes Farias \/ Chrysa Karientidou \/ Cinthya Estrada \/ Cynthia Gon\u00e7alves Gindro \/ Daniela Dighero \/ Dario Alparone \/ Eleonora Renna \/ Jesica Varela \/ Juan Vicente Carillo \/ Liliana Rodriguez Zambrano \/ Maria Novaes \/ Marie Paz Rodriguez \/ Nayahra Reis \/ Nohem\u00ed Brown \/ Pablo Reyes \/ Paola Gonzales \/ Sylvie Goumet \/ Thomas Daigueperce<br><em>Traducci\u00f3n<\/em> : Andr\u00e9a Zuniga \/ Armando Manzan\u00e1rez \/ Camila Ventura De Kerdrec \/ Catery Tato \/ C\u00e9line Menghi \/ Diego Martin Tagliaferri \/\u00a0Fernanda Arioli \/ Gabriela Pazmi\u00f1o \/ Hector Garcia \/ Jesica Varela \/ Jos\u00e9 Altamirano \/ Maria Laura Tkach \/ Marina Valle \/ Mary Nicotra \/ Micaela Frattura \/ Mihalis Manoussakis \/ Paola Salinas \/ Silvana Belmudes<br>. Coordinaci\u00f3n t\u00e9cnica : Mathieu Siriot (responsable) \/ C\u00e9cilia Naranjo \/ Bruna Meller \/ Romain-Pierre Renou \/ Barbara Bertoni \/ Marion Figarol \/ Guillermina Laferrara<br>. Comisi\u00f3n de bienvenida : Barbara Bertoni (responsable) \/ Sanaa Ziani \/ Camille Schuffenecker<br>. Se\u00f1alizaci\u00f3n\u00a0: Beatriz Gonzalez-Renou<br>. Restaurants y hoteles\u00a0: V\u00e9ronique Outrebon avec Rosana Montani<br>. Recepci\u00f3n del 19 y el 20 de marzo\u00a0: Adela Bande-Alcantud \/ Aur\u00e9lie Charpentier-Libert \/ Dominique Corpelet \/ Martine Coussot \/ Herv\u00e9 Damase \/ Juliette Lauwers \/ Patricia Loubet \/ Isabelle Magne \/ Martine Marhadour \/ Maria Novaes \/ Claire Piette \/ Alain Revel \/ Pascale Rivals \/ Franck Rollier \/ Christelle Sandras \/ G\u00e9rard Seyeux \/ Vanessa Sudreau \/ Agathe Sultan \/ Agn\u00e8s Vign\u00e9-Camus \/ Victoria Woollard <br>. Recepci\u00f3n del 31 de marzo al 3 de abril\u00a0: Val\u00e9rie Bussi\u00e8res \/ Adriana Campos \/ Juliane Casarin \/ Junia Couto \/ Marie Faucher-Desjardins \/ Isadora Escossia \/ Elise Etchamendy \/ Laurence Maman \/ Elisabetta Milan-Fournier \/ Rosana Montani \/ Jorge Mourao \/ V\u00e9ronique Outrebon \/ Leander Mattioli Pasqual \/ Aur\u00e9lie-Flore Pascal \/ Soledad Pe\u00f1afiel \/ Andrea Orabona \/ Sissy Rapty \/ Geisiane Ribeiro<br>. Goody bag\u00a0: Barbara Bertoni<br>. Equipo Surprise Party\u00a0: Andrea Orabona et Val\u00e9ria Sommer-Dupont (responsables), Carmen Carceller, Sandra Cisternas, Mar\u00eda Victoria Clavijo, Mauricio Diament, R\u00f4mulo Ferreira da Silva, Cl\u00e9ment Marmoz, Aurora Mastroleo, Celeste Vi\u00f1al, Adrien Will\u00e8me<\/p>\n\n\n\n<p>COMISI\u00d3N EPISTEMOL\u00d3GICA Y CL\u00cdNICA<\/p>\n\n\n\n<p>. <em>Scilicet&nbsp;<\/em>: carteles internacionales.<br>. Responsables&nbsp;de&nbsp;la&nbsp;edici\u00f3n&nbsp;:<br>ECF&nbsp;: Fabian Fajnwaks<br><a href=\"https:\/\/www.grandesassisesamp2022.com\/volume-scilicet-team\/\" target=\"_blank\" rel=\"noreferrer noopener\">y su equipo<\/a><br>ELP&nbsp;: Vilma Coccoz<br>EOL&nbsp;: Alejandra Glaze<br>NEL&nbsp;: Felipe Maino <br><a href=\"https:\/\/www.grandesassisesamp2022.com\/es\/volume-scilicet-team\/\">y sus equipos<\/a><br>EBP&nbsp;: Ondina Machado et Camila Popadiuk<br><a href=\"https:\/\/www.grandesassisesamp2022.com\/pt-br\/volume-scilicet-team\/\" target=\"_blank\" rel=\"noreferrer noopener\">y sus equipos<\/a><br>NLS&nbsp;: Pamela King<br><a href=\"https:\/\/www.grandesassisesamp2022.com\/en\/volume-scilicet-team\/\" target=\"_blank\" rel=\"noreferrer noopener\">y su equipo<\/a><br>SLP&nbsp;: Giulia Grillo,<br><a href=\"https:\/\/www.grandesassisesamp2022.com\/volume-scilicet-team\/\" target=\"_blank\" rel=\"noreferrer noopener\">y su equipo<\/a><a href=\"https:\/\/www.grandesassisesamp2022.com\/it\/volume-scilicet-team\/\">.<\/a><br>. Bibliograf\u00eda : Philippe Hellebois, Marie Faucher, Anne-C\u00e9cile Le Cornec, Dominique Corpelet, Romain Aub\u00e9<br>. Simultaneas cl\u00ednicas : Guy Briole (responsable) avec Sonia Chiriaco et Camilo Ramirez<br>. Comisi\u00f3n de lectura cl\u00ednica : Andr\u00e9s&nbsp;Border\u00edas,&nbsp;Raquel Cors, Daniela Fernandez,&nbsp;Esperanza&nbsp;Molleda,&nbsp;D\u00e9borah&nbsp;Nitzcaner, Camilo Ram\u00edrez, Marta Serra Frediani, Patricia&nbsp;Tassara.<\/p>\n\n\n\n<p>COMUNICACI\u00d3N Y DIFUSI\u00d3N<\/p>\n\n\n\n<p>. P\u00e1gina web : Beno\u00eet Delarue (responsable) \/ Anne Colombel-Plouzennec \/ Aur\u00e9lie-Flore Pascal \/ H\u00e9l\u00e8ne Girard \/ Sophie Lemoine \/ Alexandre Gouthi\u00e8re \/ Dominique Rayneau. <\/p>\n\n\n\n<p>. Redes socales : Jean-Fran\u00e7ois Cottes \/ Patricia Wartelle \/ Penelope Fay \/ France Jaigu.<br>Twitter&nbsp;: Jean-Fan\u00e7ois Cottes (responsable), Catherine Lacaze-Paule, Fran\u00e7ois Bony, Mario Elkin-Ramirez, Laura Valcarce, Valentina La Rosa, Xavier Giner Ponce, Marcia Stival Onyszkiewicz<br>Facebook&nbsp;: P\u00e9n\u00e9lope Fay (responsable), Violette Aym\u00e9, Cassandra Dias Farias, Rachele Giuntoli,&nbsp;Ana Cecilia Gonz\u00e1lez,&nbsp;Sofia Guaraguara, Fran\u00e7oise Haccoun,&nbsp;Wilson Lima, Lucia Malvisi,&nbsp;&nbsp;Esperanza Molleda, Peggy Papada, Manuela Simone, Athanasios Xafenias<br>Instagram&nbsp;: Patricia Wartelle (responsable), Eduardo Scarone, Ga\u00eblle Chamboncel, Milena Vicari Crastelo, Camila Popadiuk, Catery Tato, Maria Nicotra, Fany Miguens, Peggy Papada, Susana Schaer<\/p>\n\n\n\n<p>. Paris <em>no-toda<\/em>&nbsp;:&nbsp;France Jaigu.<\/p>\n\n\n\n<p>. Concepto e imagen : Laurence Martin.<\/p>\n\n\n\n<p>. Comisi\u00f3n im\u00e1genes&nbsp;: Cl\u00e9ment Marmoz \/ Thomas Kusmierzyk.<\/p>\n\n\n\n<p>. Coordinaci\u00f3n ACF : Martine Versel<\/p>\n\n\n\n<p>. Instituciones&nbsp;: Isabelle Magne \/ Pascale Rivals. <\/p>\n\n\n\n<p>. Socios : Justine Fournier (Cart\u00e9l) \u2013 Julien Moutaillier (Inform\u00e1tica).<\/p>\n","protected":false},"excerpt":{"rendered":"<p>La Gran Conversaci\u00f3n se prepara. Recurre a un gran equipo, muy decidido a hacer de este acontecimiento una gran fiesta del psicoan\u00e1lisis. He aqu\u00ed en detalle su composici\u00f3n. PRESIDENTE DE LA AMP Angelina Harari DIRECCI\u00d3N DE LA GRAN CONVERSACI\u00d3N Directora&nbsp;: Christiane Alberti Directores adjuntos : Ana\u00eblle Lebovits-Quenehen y Laurent Dumoulin CONSEJO CIENT\u00edFICO Jacques-Alain Miller Angelina&hellip;&nbsp;<a href=\"https:\/\/www.grandesassisesamp2022.com\/es\/acogida\/el-equipo\/\" class=\"\" rel=\"bookmark\">Read More &raquo;<span class=\"screen-reader-text\">El Equipo<\/span><\/a><\/p>\n","protected":false},"author":1,"featured_media":6516,"parent":7573,"menu_order":2,"comment_status":"closed","ping_status":"closed","template":"","meta":{"neve_meta_sidebar":"full-width","neve_meta_container":"","neve_meta_enable_content_width":"","neve_meta_content_width":0,"neve_meta_title_alignment":"","neve_meta_author_avatar":"","neve_post_elements_order":"","neve_meta_disable_header":"","neve_meta_disable_footer":"","neve_meta_disable_title":"","footnotes":""},"class_list":["post-8983","page","type-page","status-publish","has-post-thumbnail","hentry"],"acf":[],"yoast_head":"<!-- This site is optimized with the Yoast SEO plugin v20.1 - https:\/\/yoast.com\/wordpress\/plugins\/seo\/ -->\n<title>El Equipo - Grandes assises AMP 2022<\/title>\n<meta name=\"robots\" content=\"index, follow, max-snippet:-1, max-image-preview:large, max-video-preview:-1\" \/>\n<link rel=\"canonical\" href=\"https:\/\/www.grandesassisesamp2022.com\/es\/acogida\/el-equipo\/\" \/>\n<meta property=\"og:locale\" content=\"es_ES\" \/>\n<meta property=\"og:type\" content=\"article\" \/>\n<meta property=\"og:title\" content=\"El Equipo - Grandes assises AMP 2022\" \/>\n<meta property=\"og:description\" content=\"La Gran Conversaci\u00f3n se prepara. Recurre a un gran equipo, muy decidido a hacer de este acontecimiento una gran fiesta del psicoan\u00e1lisis. He aqu\u00ed en detalle su composici\u00f3n. PRESIDENTE DE LA AMP Angelina Harari DIRECCI\u00d3N DE LA GRAN CONVERSACI\u00d3N Directora&nbsp;: Christiane Alberti Directores adjuntos : Ana\u00eblle Lebovits-Quenehen y Laurent Dumoulin CONSEJO CIENT\u00edFICO Jacques-Alain Miller Angelina&hellip;&nbsp;Read More &raquo;El Equipo\" \/>\n<meta property=\"og:url\" content=\"https:\/\/www.grandesassisesamp2022.com\/es\/acogida\/el-equipo\/\" \/>\n<meta property=\"og:site_name\" content=\"Grandes assises AMP 2022\" \/>\n<meta property=\"article:modified_time\" content=\"2022-04-08T09:45:59+00:00\" \/>\n<meta property=\"og:image\" content=\"https:\/\/www.grandesassisesamp2022.com\/wp-content\/uploads\/2021\/04\/daniel-von-appen-4YmF6kHvees-unsplash-copie.jpg\" \/>\n\t<meta property=\"og:image:width\" content=\"1600\" \/>\n\t<meta property=\"og:image:height\" content=\"400\" \/>\n\t<meta property=\"og:image:type\" content=\"image\/jpeg\" \/>\n<meta name=\"twitter:card\" content=\"summary_large_image\" \/>\n<meta name=\"twitter:label1\" content=\"Tiempo de lectura\" \/>\n\t<meta name=\"twitter:data1\" content=\"5 minutos\" \/>\n<script type=\"application\/ld+json\" class=\"yoast-schema-graph\">{\"@context\":\"https:\/\/schema.org\",\"@graph\":[{\"@type\":\"WebPage\",\"@id\":\"https:\/\/www.grandesassisesamp2022.com\/es\/acogida\/el-equipo\/\",\"url\":\"https:\/\/www.grandesassisesamp2022.com\/es\/acogida\/el-equipo\/\",\"name\":\"El Equipo - Grandes assises AMP 2022\",\"isPartOf\":{\"@id\":\"https:\/\/www.grandesassisesamp2022.com\/#website\"},\"datePublished\":\"2021-05-31T21:43:47+00:00\",\"dateModified\":\"2022-04-08T09:45:59+00:00\",\"breadcrumb\":{\"@id\":\"https:\/\/www.grandesassisesamp2022.com\/es\/acogida\/el-equipo\/#breadcrumb\"},\"inLanguage\":\"es\",\"potentialAction\":[{\"@type\":\"ReadAction\",\"target\":[\"https:\/\/www.grandesassisesamp2022.com\/es\/acogida\/el-equipo\/\"]}]},{\"@type\":\"BreadcrumbList\",\"@id\":\"https:\/\/www.grandesassisesamp2022.com\/es\/acogida\/el-equipo\/#breadcrumb\",\"itemListElement\":[{\"@type\":\"ListItem\",\"position\":1,\"name\":\"Accueil\",\"item\":\"https:\/\/www.grandesassisesamp2022.com\/es\/\"},{\"@type\":\"ListItem\",\"position\":2,\"name\":\"Acogida\",\"item\":\"https:\/\/www.grandesassisesamp2022.com\/es\/\"},{\"@type\":\"ListItem\",\"position\":3,\"name\":\"El Equipo\"}]},{\"@type\":\"WebSite\",\"@id\":\"https:\/\/www.grandesassisesamp2022.com\/#website\",\"url\":\"https:\/\/www.grandesassisesamp2022.com\/\",\"name\":\"Grandes assises AMP 2022\",\"description\":\"Paris\",\"potentialAction\":[{\"@type\":\"SearchAction\",\"target\":{\"@type\":\"EntryPoint\",\"urlTemplate\":\"https:\/\/www.grandesassisesamp2022.com\/?s={search_term_string}\"},\"query-input\":\"required name=search_term_string\"}],\"inLanguage\":\"es\"}]}<\/script>\n<!-- \/ Yoast SEO plugin. -->","yoast_head_json":{"title":"El Equipo - Grandes assises AMP 2022","robots":{"index":"index","follow":"follow","max-snippet":"max-snippet:-1","max-image-preview":"max-image-preview:large","max-video-preview":"max-video-preview:-1"},"canonical":"https:\/\/www.grandesassisesamp2022.com\/es\/acogida\/el-equipo\/","og_locale":"es_ES","og_type":"article","og_title":"El Equipo - Grandes assises AMP 2022","og_description":"La Gran Conversaci\u00f3n se prepara. Recurre a un gran equipo, muy decidido a hacer de este acontecimiento una gran fiesta del psicoan\u00e1lisis. He aqu\u00ed en detalle su composici\u00f3n. PRESIDENTE DE LA AMP Angelina Harari DIRECCI\u00d3N DE LA GRAN CONVERSACI\u00d3N Directora&nbsp;: Christiane Alberti Directores adjuntos : Ana\u00eblle Lebovits-Quenehen y Laurent Dumoulin CONSEJO CIENT\u00edFICO Jacques-Alain Miller Angelina&hellip;&nbsp;Read More &raquo;El Equipo","og_url":"https:\/\/www.grandesassisesamp2022.com\/es\/acogida\/el-equipo\/","og_site_name":"Grandes assises AMP 2022","article_modified_time":"2022-04-08T09:45:59+00:00","og_image":[{"width":1600,"height":400,"url":"https:\/\/www.grandesassisesamp2022.com\/wp-content\/uploads\/2021\/04\/daniel-von-appen-4YmF6kHvees-unsplash-copie.jpg","type":"image\/jpeg"}],"twitter_card":"summary_large_image","twitter_misc":{"Tiempo de lectura":"5 minutos"},"schema":{"@context":"https:\/\/schema.org","@graph":[{"@type":"WebPage","@id":"https:\/\/www.grandesassisesamp2022.com\/es\/acogida\/el-equipo\/","url":"https:\/\/www.grandesassisesamp2022.com\/es\/acogida\/el-equipo\/","name":"El Equipo - Grandes assises AMP 2022","isPartOf":{"@id":"https:\/\/www.grandesassisesamp2022.com\/#website"},"datePublished":"2021-05-31T21:43:47+00:00","dateModified":"2022-04-08T09:45:59+00:00","breadcrumb":{"@id":"https:\/\/www.grandesassisesamp2022.com\/es\/acogida\/el-equipo\/#breadcrumb"},"inLanguage":"es","potentialAction":[{"@type":"ReadAction","target":["https:\/\/www.grandesassisesamp2022.com\/es\/acogida\/el-equipo\/"]}]},{"@type":"BreadcrumbList","@id":"https:\/\/www.grandesassisesamp2022.com\/es\/acogida\/el-equipo\/#breadcrumb","itemListElement":[{"@type":"ListItem","position":1,"name":"Accueil","item":"https:\/\/www.grandesassisesamp2022.com\/es\/"},{"@type":"ListItem","position":2,"name":"Acogida","item":"https:\/\/www.grandesassisesamp2022.com\/es\/"},{"@type":"ListItem","position":3,"name":"El Equipo"}]},{"@type":"WebSite","@id":"https:\/\/www.grandesassisesamp2022.com\/#website","url":"https:\/\/www.grandesassisesamp2022.com\/","name":"Grandes assises AMP 2022","description":"Paris","potentialAction":[{"@type":"SearchAction","target":{"@type":"EntryPoint","urlTemplate":"https:\/\/www.grandesassisesamp2022.com\/?s={search_term_string}"},"query-input":"required name=search_term_string"}],"inLanguage":"es"}]}},"_links":{"self":[{"href":"https:\/\/www.grandesassisesamp2022.com\/es\/wp-json\/wp\/v2\/pages\/8983","targetHints":{"allow":["GET"]}}],"collection":[{"href":"https:\/\/www.grandesassisesamp2022.com\/es\/wp-json\/wp\/v2\/pages"}],"about":[{"href":"https:\/\/www.grandesassisesamp2022.com\/es\/wp-json\/wp\/v2\/types\/page"}],"author":[{"embeddable":true,"href":"https:\/\/www.grandesassisesamp2022.com\/es\/wp-json\/wp\/v2\/users\/1"}],"replies":[{"embeddable":true,"href":"https:\/\/www.grandesassisesamp2022.com\/es\/wp-json\/wp\/v2\/comments?post=8983"}],"version-history":[{"count":44,"href":"https:\/\/www.grandesassisesamp2022.com\/es\/wp-json\/wp\/v2\/pages\/8983\/revisions"}],"predecessor-version":[{"id":17076,"href":"https:\/\/www.grandesassisesamp2022.com\/es\/wp-json\/wp\/v2\/pages\/8983\/revisions\/17076"}],"up":[{"embeddable":true,"href":"https:\/\/www.grandesassisesamp2022.com\/es\/wp-json\/wp\/v2\/pages\/7573"}],"wp:featuredmedia":[{"embeddable":true,"href":"https:\/\/www.grandesassisesamp2022.com\/es\/wp-json\/wp\/v2\/media\/6516"}],"wp:attachment":[{"href":"https:\/\/www.grandesassisesamp2022.com\/es\/wp-json\/wp\/v2\/media?parent=8983"}],"curies":[{"name":"wp","href":"https:\/\/api.w.org\/{rel}","templated":true}]}}